{"id":1463,"date":"2014-02-10T12:22:30","date_gmt":"2014-02-10T11:22:30","guid":{"rendered":"http:\/\/annalinea.hr\/?page_id=1463"},"modified":"2015-02-11T11:48:41","modified_gmt":"2015-02-11T10:48:41","slug":"moscenice","status":"publish","type":"page","link":"https:\/\/annalinea.hr\/?page_id=1463","title":{"rendered":"Mo\u0161\u0107enice"},"content":{"rendered":"<p style=\"text-align: justify;\">Najva\u017eniji dan za Mo\u0161\u0107enice, a koji se i danas slavi, je Kandalora ili Svije\u0107nica, kada vjernici nose svije\u0107e na posvetu u Crkvu Sv. Andrije; taj je datum progla\u0161en povijesnim danom Mo\u0161\u0107enica i sve\u010dano se obilje\u017eava svake godine po\u010detkom velja\u010de.<!--more--> Mo\u0161\u0107enice su imale i statut koji potje\u010de iz prve polovice 17. stolje\u0107a. Uz povijest Mo\u0161\u0107enica vezano je poznato prezime doma\u0107e obitelji Negovetich de Cumbox, koja je dobila plemi\u0107ku titulu 1687. godine. Na gradskim se vratima nalazi Habsbur\u0161ki grb i godina njihove obnove. Kao dio austrijske pokrajine Mo\u0161\u0107enice su 1896. postale samostalna op\u0107ina.<\/p>\n<p style=\"text-align: justify;\">Posjetite etnografsku zbirku na samom ulazu u stari grad, gdje se i danas \u010duva zavidan broj tradicionalnih no\u0161nji, alata, ukrasa i predmeta &#8211; svjedoci \u017eivota na\u0161ih predaka. Blizu same zbirke obavezno svratite u Mo\u0161\u0107eni\u010dki to\u0161 &#8211; mlin za masline, star oko tri stotine godina i simbol ovog srednjovjekovnog grada. Ne zaboravite se zaustaviti u stra\u017enici odn. gradskoj lo\u017ei, te svratiti na Kosnicu, trg iza crkve i neko\u0107 gradsko groblje, zatim posjetiti \u0161ternu, nekada\u0161nju glavnu gradsku cisternu, popeti se na ka\u0161tel pred samim ulazom u grad gdje se danas nalazi osnovna \u0161kola, a u prizemlju izlo\u017ebeno-galerijski prostor. Temeljem zakona o za\u0161titi spomenika povijesna jezgra Mo\u0161\u0107enica uvr\u0161tena je 1968. u registar nepokretne kulturne ba\u0161tine.<\/p>\n<p style=\"text-align: justify;\">Bogatu sakralnu ba\u0161tinu Mo\u0161\u0107enica svakako vrijedi vidjeti, stoga valja odvojiti ne\u0161to vremena kako bi se sve detaljno prou\u010dilo. Navodimo ih redom: \u017dupna crkva Svetog Andrije Apostola, Crkva Sv. Bartola, Crkva Sv. Sebastijana i Kapela Kri\u017enoga puta na brdu Kalvarija. Osim restorana i pansiona Perun, tu je i nova konoba Tu Tamo, a nalazi se u srcu staroga grada. U Mo\u0161\u0107enicama se iznajmljuju romanti\u010dne privatne sobe i apartmani u starom gradu i izvan njega.<\/p>\n<p style=\"text-align: justify;\">Iz Mo\u0161\u0107enica se mo\u017ee krenuti cestom i pje\u0161ice i to stepenicama sve do pla\u017ee Sv. Ivan.<\/p>\n\n\t\t<style type=\"text\/css\">\n\t\t\t#gallery-1 {\n\t\t\t\tmargin: auto;\n\t\t\t}\n\t\t\t#gallery-1 .gallery-item {\n\t\t\t\tfloat: left;\n\t\t\t\tmargin-top: 10px;\n\t\t\t\ttext-align: center;\n\t\t\t\twidth: 33%;\n\t\t\t}\n\t\t\t#gallery-1 img {\n\t\t\t\tborder: 2px solid #cfcfcf;\n\t\t\t}\n\t\t\t#gallery-1 .gallery-caption {\n\t\t\t\tmargin-left: 0;\n\t\t\t}\n\t\t\t\/* see gallery_shortcode() in wp-includes\/media.php *\/\n\t\t<\/style>\n\t\t<div id='gallery-1' class='gallery galleryid-1463 gallery-columns-3 gallery-size-thumbnail'><dl class='gallery-item'>\n\t\t\t<dt class='gallery-icon landscape'>\n\t\t\t\t<a href='https:\/\/annalinea.hr\/wp-content\/uploads\/2014\/02\/8462808.jpg' title=\"\" data-rl_title=\"\" class=\"rl-gallery-link\" data-rl_caption=\"\" data-rel=\"lightbox-gallery-1\"><img width=\"150\" height=\"150\" src=\"https:\/\/annalinea.hr\/wp-content\/uploads\/2014\/02\/8462808-150x150.jpg\" class=\"attachment-thumbnail size-thumbnail\" alt=\"\" loading=\"lazy\" srcset=\"https:\/\/annalinea.hr\/wp-content\/uploads\/2014\/02\/8462808-150x150.jpg 150w, https:\/\/annalinea.hr\/wp-content\/uploads\/2014\/02\/8462808-160x160.jpg 160w\" sizes=\"(max-width: 150px) 100vw, 150px\" \/><\/a>\n\t\t\t<\/dt><\/dl><dl class='gallery-item'>\n\t\t\t<dt class='gallery-icon landscape'>\n\t\t\t\t<a href='https:\/\/annalinea.hr\/wp-content\/uploads\/2014\/02\/005634-001.jpg' title=\"\" data-rl_title=\"\" class=\"rl-gallery-link\" data-rl_caption=\"\" data-rel=\"lightbox-gallery-1\"><img width=\"150\" height=\"150\" src=\"https:\/\/annalinea.hr\/wp-content\/uploads\/2014\/02\/005634-001-150x150.jpg\" class=\"attachment-thumbnail size-thumbnail\" alt=\"\" loading=\"lazy\" srcset=\"https:\/\/annalinea.hr\/wp-content\/uploads\/2014\/02\/005634-001-150x150.jpg 150w, https:\/\/annalinea.hr\/wp-content\/uploads\/2014\/02\/005634-001-160x160.jpg 160w\" sizes=\"(max-width: 150px) 100vw, 150px\" \/><\/a>\n\t\t\t<\/dt><\/dl><dl class='gallery-item'>\n\t\t\t<dt class='gallery-icon landscape'>\n\t\t\t\t<a href='https:\/\/annalinea.hr\/wp-content\/uploads\/2014\/02\/33-40.jpg' title=\"\" data-rl_title=\"\" class=\"rl-gallery-link\" data-rl_caption=\"\" data-rel=\"lightbox-gallery-1\"><img width=\"150\" height=\"150\" src=\"https:\/\/annalinea.hr\/wp-content\/uploads\/2014\/02\/33-40-150x150.jpg\" class=\"attachment-thumbnail size-thumbnail\" alt=\"\" loading=\"lazy\" srcset=\"https:\/\/annalinea.hr\/wp-content\/uploads\/2014\/02\/33-40-150x150.jpg 150w, https:\/\/annalinea.hr\/wp-content\/uploads\/2014\/02\/33-40-160x160.jpg 160w\" sizes=\"(max-width: 150px) 100vw, 150px\" \/><\/a>\n\t\t\t<\/dt><\/dl><br style=\"clear: both\" \/><dl class='gallery-item'>\n\t\t\t<dt class='gallery-icon landscape'>\n\t\t\t\t<a href='https:\/\/annalinea.hr\/wp-content\/uploads\/2014\/02\/P5120793.jpg' title=\"\" data-rl_title=\"\" class=\"rl-gallery-link\" data-rl_caption=\"\" data-rel=\"lightbox-gallery-1\"><img width=\"150\" height=\"150\" src=\"https:\/\/annalinea.hr\/wp-content\/uploads\/2014\/02\/P5120793-150x150.jpg\" class=\"attachment-thumbnail size-thumbnail\" alt=\"\" loading=\"lazy\" srcset=\"https:\/\/annalinea.hr\/wp-content\/uploads\/2014\/02\/P5120793-150x150.jpg 150w, https:\/\/annalinea.hr\/wp-content\/uploads\/2014\/02\/P5120793-160x160.jpg 160w\" sizes=\"(max-width: 150px) 100vw, 150px\" \/><\/a>\n\t\t\t<\/dt><\/dl><dl class='gallery-item'>\n\t\t\t<dt class='gallery-icon landscape'>\n\t\t\t\t<a href='https:\/\/annalinea.hr\/wp-content\/uploads\/2014\/02\/P5120792.jpg' title=\"\" data-rl_title=\"\" class=\"rl-gallery-link\" data-rl_caption=\"\" data-rel=\"lightbox-gallery-1\"><img width=\"150\" height=\"150\" src=\"https:\/\/annalinea.hr\/wp-content\/uploads\/2014\/02\/P5120792-150x150.jpg\" class=\"attachment-thumbnail size-thumbnail\" alt=\"\" loading=\"lazy\" srcset=\"https:\/\/annalinea.hr\/wp-content\/uploads\/2014\/02\/P5120792-150x150.jpg 150w, https:\/\/annalinea.hr\/wp-content\/uploads\/2014\/02\/P5120792-160x160.jpg 160w\" sizes=\"(max-width: 150px) 100vw, 150px\" \/><\/a>\n\t\t\t<\/dt><\/dl><dl class='gallery-item'>\n\t\t\t<dt class='gallery-icon landscape'>\n\t\t\t\t<a href='https:\/\/annalinea.hr\/wp-content\/uploads\/2014\/02\/photo_1236528300_2_118.jpg' title=\"\" data-rl_title=\"\" class=\"rl-gallery-link\" data-rl_caption=\"\" data-rel=\"lightbox-gallery-1\"><img width=\"150\" height=\"150\" src=\"https:\/\/annalinea.hr\/wp-content\/uploads\/2014\/02\/photo_1236528300_2_118-150x150.jpg\" class=\"attachment-thumbnail size-thumbnail\" alt=\"\" loading=\"lazy\" srcset=\"https:\/\/annalinea.hr\/wp-content\/uploads\/2014\/02\/photo_1236528300_2_118-150x150.jpg 150w, https:\/\/annalinea.hr\/wp-content\/uploads\/2014\/02\/photo_1236528300_2_118-160x160.jpg 160w\" sizes=\"(max-width: 150px) 100vw, 150px\" \/><\/a>\n\t\t\t<\/dt><\/dl><br style=\"clear: both\" \/><dl class='gallery-item'>\n\t\t\t<dt class='gallery-icon landscape'>\n\t\t\t\t<a href='https:\/\/annalinea.hr\/wp-content\/uploads\/2014\/02\/moscenice2011301.jpg' title=\"\" data-rl_title=\"\" class=\"rl-gallery-link\" data-rl_caption=\"\" data-rel=\"lightbox-gallery-1\"><img width=\"150\" height=\"150\" src=\"https:\/\/annalinea.hr\/wp-content\/uploads\/2014\/02\/moscenice2011301-150x150.jpg\" class=\"attachment-thumbnail size-thumbnail\" alt=\"\" loading=\"lazy\" srcset=\"https:\/\/annalinea.hr\/wp-content\/uploads\/2014\/02\/moscenice2011301-150x150.jpg 150w, https:\/\/annalinea.hr\/wp-content\/uploads\/2014\/02\/moscenice2011301-160x160.jpg 160w\" sizes=\"(max-width: 150px) 100vw, 150px\" \/><\/a>\n\t\t\t<\/dt><\/dl><dl class='gallery-item'>\n\t\t\t<dt class='gallery-icon landscape'>\n\t\t\t\t<a href='https:\/\/annalinea.hr\/wp-content\/uploads\/2014\/02\/moscenice.jpg' title=\"\" data-rl_title=\"\" class=\"rl-gallery-link\" data-rl_caption=\"\" data-rel=\"lightbox-gallery-1\"><img width=\"150\" height=\"150\" src=\"https:\/\/annalinea.hr\/wp-content\/uploads\/2014\/02\/moscenice-150x150.jpg\" class=\"attachment-thumbnail size-thumbnail\" alt=\"\" loading=\"lazy\" srcset=\"https:\/\/annalinea.hr\/wp-content\/uploads\/2014\/02\/moscenice-150x150.jpg 150w, https:\/\/annalinea.hr\/wp-content\/uploads\/2014\/02\/moscenice-160x160.jpg 160w\" sizes=\"(max-width: 150px) 100vw, 150px\" \/><\/a>\n\t\t\t<\/dt><\/dl>\n\t\t\t<br style='clear: both' \/>\n\t\t<\/div>\n\n<div id=\"right\"><\/div>\n","protected":false},"excerpt":{"rendered":"<p>Najva\u017eniji dan za Mo\u0161\u0107enice, a koji se i danas slavi, je Kandalora ili Svije\u0107nica, kada vjernici nose svije\u0107e na posvetu u Crkvu Sv. Andrije; taj je datum progla\u0161en povijesnim danom Mo\u0161\u0107enica i sve\u010dano se&#46;&#46;&#46;<\/p>\n","protected":false},"author":3,"featured_media":1476,"parent":0,"menu_order":0,"comment_status":"closed","ping_status":"closed","template":"","meta":[],"_links":{"self":[{"href":"https:\/\/annalinea.hr\/index.php?rest_route=\/wp\/v2\/pages\/1463"}],"collection":[{"href":"https:\/\/annalinea.hr\/index.php?rest_route=\/wp\/v2\/pages"}],"about":[{"href":"https:\/\/annalinea.hr\/index.php?rest_route=\/wp\/v2\/types\/page"}],"author":[{"embeddable":true,"href":"https:\/\/annalinea.hr\/index.php?rest_route=\/wp\/v2\/users\/3"}],"replies":[{"embeddable":true,"href":"https:\/\/annalinea.hr\/index.php?rest_route=%2Fwp%2Fv2%2Fcomments&post=1463"}],"version-history":[{"count":13,"href":"https:\/\/annalinea.hr\/index.php?rest_route=\/wp\/v2\/pages\/1463\/revisions"}],"predecessor-version":[{"id":1479,"href":"https:\/\/annalinea.hr\/index.php?rest_route=\/wp\/v2\/pages\/1463\/revisions\/1479"}],"wp:featuredmedia":[{"embeddable":true,"href":"https:\/\/annalinea.hr\/index.php?rest_route=\/wp\/v2\/media\/1476"}],"wp:attachment":[{"href":"https:\/\/annalinea.hr\/index.php?rest_route=%2Fwp%2Fv2%2Fmedia&parent=1463"}],"curies":[{"name":"wp","href":"https:\/\/api.w.org\/{rel}","templated":true}]}}